{"id":1955,"date":"2024-05-21T08:03:42","date_gmt":"2024-05-21T06:03:42","guid":{"rendered":"https:\/\/firelux.testvanwanten.nl\/declaration-de-confidentialite\/"},"modified":"2025-11-14T09:17:24","modified_gmt":"2025-11-14T08:17:24","slug":"declaration-de-confidentialite","status":"publish","type":"page","link":"https:\/\/www.firelux.nl\/fr\/declaration-de-confidentialite\/","title":{"rendered":"D\u00e9claration de confidentialit\u00e9"},"content":{"rendered":"\t\t<div data-elementor-type=\"wp-page\" data-elementor-id=\"1955\" class=\"elementor elementor-1955 elementor-3\" data-elementor-post-type=\"page\">\n\t\t\t\t<div class=\"elementor-element elementor-element-550e812 e-flex e-con-boxed e-con e-parent\" data-id=\"550e812\" data-element_type=\"container\" data-e-type=\"container\">\n\t\t\t\t\t<div class=\"e-con-inner\">\n\t\t\t\t<div class=\"elementor-element elementor-element-ef1185f elementor-widget elementor-widget-heading\" data-id=\"ef1185f\" data-element_type=\"widget\" data-e-type=\"widget\" data-widget_type=\"heading.default\">\n\t\t\t\t<div class=\"elementor-widget-container\">\n\t\t\t\t\t<h1 class=\"elementor-heading-title elementor-size-default\">D\u00e9claration de confidentialit\u00e9<\/h1>\t\t\t\t<\/div>\n\t\t\t\t<\/div>\n\t\t\t\t<div class=\"elementor-element elementor-element-f757189 elementor-widget elementor-widget-text-editor\" data-id=\"f757189\" data-element_type=\"widget\" data-e-type=\"widget\" data-widget_type=\"text-editor.default\">\n\t\t\t\t<div class=\"elementor-widget-container\">\n\t\t\t\t\t\t\t\t\t<p>Les conditions g\u00e9n\u00e9rales de Gelders BV stipulent que la soci\u00e9t\u00e9 est responsable de la protection compl\u00e8te de vos donn\u00e9es personnelles en vertu de <a href=\"https:\/\/autoriteitpersoonsgegevens.nl\/themas\/basis-avg\/avg-algemeen\" target=\"_blank\" rel=\"noopener\">la l\u00e9gislation<\/a> et des r\u00e8gles en vigueur concernant la vie priv\u00e9e.<\/p><p>Nous traitons les donn\u00e9es de nos clients, de nos fournisseurs et de nos collaborateurs dans le cadre des prestations offertes \u00e0 nos clients, afin de faciliter l\u2019achat de produits et de services, ainsi que pour conclure des contrats de travail avec nos coll\u00e8gues. Les syst\u00e8mes utilis\u00e9s par Gelders BV sont Exact et Bloom. Un contrat sp\u00e9cifique est conclu avec les soci\u00e9t\u00e9s charg\u00e9es du traitement des donn\u00e9es. Nous les s\u00e9lectionnons dans un souci de respect de la vie priv\u00e9e de nos clients, de nos fournisseurs et de nos collaborateurs.    <\/p>\t\t\t\t\t\t\t\t<\/div>\n\t\t\t\t<\/div>\n\t\t\t\t\t<\/div>\n\t\t\t\t<\/div>\n\t\t<div class=\"elementor-element elementor-element-fdbe836 e-flex e-con-boxed e-con e-parent\" data-id=\"fdbe836\" data-element_type=\"container\" data-e-type=\"container\">\n\t\t\t\t\t<div class=\"e-con-inner\">\n\t\t\t\t<div class=\"elementor-element elementor-element-d045ee6 elementor-widget elementor-widget-heading\" data-id=\"d045ee6\" data-element_type=\"widget\" data-e-type=\"widget\" data-widget_type=\"heading.default\">\n\t\t\t\t<div class=\"elementor-widget-container\">\n\t\t\t\t\t<h2 class=\"elementor-heading-title elementor-size-default\">Vos droits<\/h2>\t\t\t\t<\/div>\n\t\t\t\t<\/div>\n\t\t\t\t<div class=\"elementor-element elementor-element-4a8820c elementor-widget elementor-widget-text-editor\" data-id=\"4a8820c\" data-element_type=\"widget\" data-e-type=\"widget\" data-widget_type=\"text-editor.default\">\n\t\t\t\t<div class=\"elementor-widget-container\">\n\t\t\t\t\t\t\t\t\t<p>Vous souhaitez avoir un droit de regard sur les donn\u00e9es vous concernant que nous traitons ? Ou bien vous souhaitez savoir comment Gelders BV applique les prescriptions d\u2019AVG ? Dans ce cas, envoyez votre question par e-mail \u00e0 <span style=\"text-decoration: underline;\"><a href=\"mailto:info@gelders.nl\">info@gelders.nl<\/a><\/span>.  <\/p>\t\t\t\t\t\t\t\t<\/div>\n\t\t\t\t<\/div>\n\t\t\t\t\t<\/div>\n\t\t\t\t<\/div>\n\t\t\t\t<\/div>\n\t\t","protected":false},"excerpt":{"rendered":"<p>D\u00e9claration de confidentialit\u00e9 Les conditions g\u00e9n\u00e9rales de Gelders BV stipulent que la soci\u00e9t\u00e9 est responsable de la protection compl\u00e8te de vos donn\u00e9es personnelles en vertu de la l\u00e9gislation et des r\u00e8gles en vigueur concernant la vie priv\u00e9e. Nous traitons les donn\u00e9es de nos clients, de nos fournisseurs et de nos collaborateurs dans le cadre des [&hellip;]<\/p>\n","protected":false},"author":1,"featured_media":0,"parent":0,"menu_order":9,"comment_status":"closed","ping_status":"closed","template":"","meta":{"_acf_changed":false,"footnotes":""},"class_list":["post-1955","page","type-page","status-publish","hentry"],"acf":[],"yoast_head":"<!-- This site is optimized with the Yoast SEO plugin v27.5 - https:\/\/yoast.com\/product\/yoast-seo-wordpress\/ -->\n<title>D\u00e9claration de confidentialit\u00e9 - Firelux<\/title>\n<meta name=\"robots\" content=\"index, follow, max-snippet:-1, max-image-preview:large, max-video-preview:-1\" \/>\n<link rel=\"canonical\" href=\"https:\/\/www.firelux.nl\/fr\/declaration-de-confidentialite\/\" \/>\n<meta property=\"og:locale\" content=\"fr_FR\" \/>\n<meta property=\"og:type\" content=\"article\" \/>\n<meta property=\"og:title\" content=\"D\u00e9claration de confidentialit\u00e9 - Firelux\" \/>\n<meta property=\"og:description\" content=\"D\u00e9claration de confidentialit\u00e9 Les conditions g\u00e9n\u00e9rales de Gelders BV stipulent que la soci\u00e9t\u00e9 est responsable de la protection compl\u00e8te de vos donn\u00e9es personnelles en vertu de la l\u00e9gislation et des r\u00e8gles en vigueur concernant la vie priv\u00e9e. Nous traitons les donn\u00e9es de nos clients, de nos fournisseurs et de nos collaborateurs dans le cadre des [&hellip;]\" \/>\n<meta property=\"og:url\" content=\"https:\/\/www.firelux.nl\/fr\/declaration-de-confidentialite\/\" \/>\n<meta property=\"og:site_name\" content=\"Firelux\" \/>\n<meta property=\"article:modified_time\" content=\"2025-11-14T08:17:24+00:00\" \/>\n<meta name=\"twitter:card\" content=\"summary_large_image\" \/>\n<meta name=\"twitter:label1\" content=\"Dur\u00e9e de lecture estim\u00e9e\" \/>\n\t<meta name=\"twitter:data1\" content=\"1 minute\" \/>\n<script type=\"application\/ld+json\" class=\"yoast-schema-graph\">{\"@context\":\"https:\\\/\\\/schema.org\",\"@graph\":[{\"@type\":\"WebPage\",\"@id\":\"https:\\\/\\\/www.firelux.nl\\\/fr\\\/declaration-de-confidentialite\\\/\",\"url\":\"https:\\\/\\\/www.firelux.nl\\\/fr\\\/declaration-de-confidentialite\\\/\",\"name\":\"D\u00e9claration de confidentialit\u00e9 - Firelux\",\"isPartOf\":{\"@id\":\"https:\\\/\\\/www.firelux.nl\\\/fr\\\/#website\"},\"datePublished\":\"2024-05-21T06:03:42+00:00\",\"dateModified\":\"2025-11-14T08:17:24+00:00\",\"breadcrumb\":{\"@id\":\"https:\\\/\\\/www.firelux.nl\\\/fr\\\/declaration-de-confidentialite\\\/#breadcrumb\"},\"inLanguage\":\"fr-FR\",\"potentialAction\":[{\"@type\":\"ReadAction\",\"target\":[\"https:\\\/\\\/www.firelux.nl\\\/fr\\\/declaration-de-confidentialite\\\/\"]}]},{\"@type\":\"BreadcrumbList\",\"@id\":\"https:\\\/\\\/www.firelux.nl\\\/fr\\\/declaration-de-confidentialite\\\/#breadcrumb\",\"itemListElement\":[{\"@type\":\"ListItem\",\"position\":1,\"name\":\"Home\",\"item\":\"https:\\\/\\\/www.firelux.nl\\\/fr\\\/accueil\\\/\"},{\"@type\":\"ListItem\",\"position\":2,\"name\":\"D\u00e9claration de confidentialit\u00e9\"}]},{\"@type\":\"WebSite\",\"@id\":\"https:\\\/\\\/www.firelux.nl\\\/fr\\\/#website\",\"url\":\"https:\\\/\\\/www.firelux.nl\\\/fr\\\/\",\"name\":\"Firelux\",\"description\":\"Schone brandstof voor alle merken kachels\",\"publisher\":{\"@id\":\"https:\\\/\\\/www.firelux.nl\\\/fr\\\/#organization\"},\"potentialAction\":[{\"@type\":\"SearchAction\",\"target\":{\"@type\":\"EntryPoint\",\"urlTemplate\":\"https:\\\/\\\/www.firelux.nl\\\/fr\\\/?s={search_term_string}\"},\"query-input\":{\"@type\":\"PropertyValueSpecification\",\"valueRequired\":true,\"valueName\":\"search_term_string\"}}],\"inLanguage\":\"fr-FR\"},{\"@type\":\"Organization\",\"@id\":\"https:\\\/\\\/www.firelux.nl\\\/fr\\\/#organization\",\"name\":\"Firelux\",\"url\":\"https:\\\/\\\/www.firelux.nl\\\/fr\\\/\",\"logo\":{\"@type\":\"ImageObject\",\"inLanguage\":\"fr-FR\",\"@id\":\"https:\\\/\\\/www.firelux.nl\\\/fr\\\/#\\\/schema\\\/logo\\\/image\\\/\",\"url\":\"https:\\\/\\\/www.firelux.nl\\\/wp-content\\\/uploads\\\/Firelux_logo.webp\",\"contentUrl\":\"https:\\\/\\\/www.firelux.nl\\\/wp-content\\\/uploads\\\/Firelux_logo.webp\",\"width\":663,\"height\":315,\"caption\":\"Firelux\"},\"image\":{\"@id\":\"https:\\\/\\\/www.firelux.nl\\\/fr\\\/#\\\/schema\\\/logo\\\/image\\\/\"}}]}<\/script>\n<!-- \/ Yoast SEO plugin. -->","yoast_head_json":{"title":"D\u00e9claration de confidentialit\u00e9 - Firelux","robots":{"index":"index","follow":"follow","max-snippet":"max-snippet:-1","max-image-preview":"max-image-preview:large","max-video-preview":"max-video-preview:-1"},"canonical":"https:\/\/www.firelux.nl\/fr\/declaration-de-confidentialite\/","og_locale":"fr_FR","og_type":"article","og_title":"D\u00e9claration de confidentialit\u00e9 - Firelux","og_description":"D\u00e9claration de confidentialit\u00e9 Les conditions g\u00e9n\u00e9rales de Gelders BV stipulent que la soci\u00e9t\u00e9 est responsable de la protection compl\u00e8te de vos donn\u00e9es personnelles en vertu de la l\u00e9gislation et des r\u00e8gles en vigueur concernant la vie priv\u00e9e. Nous traitons les donn\u00e9es de nos clients, de nos fournisseurs et de nos collaborateurs dans le cadre des [&hellip;]","og_url":"https:\/\/www.firelux.nl\/fr\/declaration-de-confidentialite\/","og_site_name":"Firelux","article_modified_time":"2025-11-14T08:17:24+00:00","twitter_card":"summary_large_image","twitter_misc":{"Dur\u00e9e de lecture estim\u00e9e":"1 minute"},"schema":{"@context":"https:\/\/schema.org","@graph":[{"@type":"WebPage","@id":"https:\/\/www.firelux.nl\/fr\/declaration-de-confidentialite\/","url":"https:\/\/www.firelux.nl\/fr\/declaration-de-confidentialite\/","name":"D\u00e9claration de confidentialit\u00e9 - Firelux","isPartOf":{"@id":"https:\/\/www.firelux.nl\/fr\/#website"},"datePublished":"2024-05-21T06:03:42+00:00","dateModified":"2025-11-14T08:17:24+00:00","breadcrumb":{"@id":"https:\/\/www.firelux.nl\/fr\/declaration-de-confidentialite\/#breadcrumb"},"inLanguage":"fr-FR","potentialAction":[{"@type":"ReadAction","target":["https:\/\/www.firelux.nl\/fr\/declaration-de-confidentialite\/"]}]},{"@type":"BreadcrumbList","@id":"https:\/\/www.firelux.nl\/fr\/declaration-de-confidentialite\/#breadcrumb","itemListElement":[{"@type":"ListItem","position":1,"name":"Home","item":"https:\/\/www.firelux.nl\/fr\/accueil\/"},{"@type":"ListItem","position":2,"name":"D\u00e9claration de confidentialit\u00e9"}]},{"@type":"WebSite","@id":"https:\/\/www.firelux.nl\/fr\/#website","url":"https:\/\/www.firelux.nl\/fr\/","name":"Firelux","description":"Schone brandstof voor alle merken kachels","publisher":{"@id":"https:\/\/www.firelux.nl\/fr\/#organization"},"potentialAction":[{"@type":"SearchAction","target":{"@type":"EntryPoint","urlTemplate":"https:\/\/www.firelux.nl\/fr\/?s={search_term_string}"},"query-input":{"@type":"PropertyValueSpecification","valueRequired":true,"valueName":"search_term_string"}}],"inLanguage":"fr-FR"},{"@type":"Organization","@id":"https:\/\/www.firelux.nl\/fr\/#organization","name":"Firelux","url":"https:\/\/www.firelux.nl\/fr\/","logo":{"@type":"ImageObject","inLanguage":"fr-FR","@id":"https:\/\/www.firelux.nl\/fr\/#\/schema\/logo\/image\/","url":"https:\/\/www.firelux.nl\/wp-content\/uploads\/Firelux_logo.webp","contentUrl":"https:\/\/www.firelux.nl\/wp-content\/uploads\/Firelux_logo.webp","width":663,"height":315,"caption":"Firelux"},"image":{"@id":"https:\/\/www.firelux.nl\/fr\/#\/schema\/logo\/image\/"}}]}},"_links":{"self":[{"href":"https:\/\/www.firelux.nl\/fr\/wp-json\/wp\/v2\/pages\/1955","targetHints":{"allow":["GET"]}}],"collection":[{"href":"https:\/\/www.firelux.nl\/fr\/wp-json\/wp\/v2\/pages"}],"about":[{"href":"https:\/\/www.firelux.nl\/fr\/wp-json\/wp\/v2\/types\/page"}],"author":[{"embeddable":true,"href":"https:\/\/www.firelux.nl\/fr\/wp-json\/wp\/v2\/users\/1"}],"replies":[{"embeddable":true,"href":"https:\/\/www.firelux.nl\/fr\/wp-json\/wp\/v2\/comments?post=1955"}],"version-history":[{"count":2,"href":"https:\/\/www.firelux.nl\/fr\/wp-json\/wp\/v2\/pages\/1955\/revisions"}],"predecessor-version":[{"id":2301,"href":"https:\/\/www.firelux.nl\/fr\/wp-json\/wp\/v2\/pages\/1955\/revisions\/2301"}],"wp:attachment":[{"href":"https:\/\/www.firelux.nl\/fr\/wp-json\/wp\/v2\/media?parent=1955"}],"curies":[{"name":"wp","href":"https:\/\/api.w.org\/{rel}","templated":true}]}}